{"id":12255,"date":"2024-05-14T09:45:00","date_gmt":"2024-05-14T07:45:00","guid":{"rendered":"https:\/\/www.copas.lu\/?post_type=events&#038;p=12255"},"modified":"2024-05-14T11:36:15","modified_gmt":"2024-05-14T09:36:15","slug":"lunch-talk-seance-dinformation-les-differentes-voies-de-formations-ccp-et-dap","status":"publish","type":"events","link":"https:\/\/www.copas.lu\/de\/events\/lunch-talk-seance-dinformation-les-differentes-voies-de-formations-ccp-et-dap\/","title":{"rendered":"Lunch Talk (s\u00e9ance d\u2019information) &#8211; les diff\u00e9rentes voies de formations CCP et DAP"},"content":{"rendered":"<p class=\"qtranxs-available-languages-message qtranxs-available-languages-message-de\"> <\/p><p>Le service de la formation professionnelle du Minist\u00e8re de l\u2019Education nationale et la COPAS, vous invitent \u00e0 un Lunch Talk (s\u00e9ance d\u2019information), en visioconf\u00e9rence, sur les diff\u00e9rentes voies de formations CCP et DAP <strong>le mardi 4 juin 2024 de 12h \u00e0 12h45<\/strong>.<\/p>\n<p>Les sujets principaux porteront sur\u00a0:<\/p>\n<ul>\n<li>Le cadre g\u00e9n\u00e9ral des voies de formation\u00a0 du CCP AAQ, DAP AIS et DAP agent d\u2019inclusion en formation initiale, apprentissage pour adultes et formation en cours d\u2019emploi (dur\u00e9e, pr\u00e9requis, dates limites \u00e0 respecter,\u2026)<\/li>\n<li>Les diff\u00e9rences entre la formation initiale, l\u2019apprentissage adulte et la formation en cours d\u2019emploi<\/li>\n<li>L\u2019organisation g\u00e9n\u00e9rale des diff\u00e9rentes voies de formation<\/li>\n<li>Les devoirs et responsabilit\u00e9s de l\u2019employeur dans les diff\u00e9rentes formations<\/li>\n<\/ul>\n<p>Suite \u00e0\u00a0 la pr\u00e9sentation, les participants auront l\u2019occasion de poser des questions. Afin de faciliter la discussion, les participants sont invit\u00e9s \u00e0 nous faire parvenir leurs questions \u00e9ventuelles avant la s\u00e9ance.<\/p>\n<p>Suite \u00e0 l\u2019inscription, un lien de connexion \u00e0 la visioconf\u00e9rence sera envoy\u00e9.<\/p>","protected":false},"excerpt":{"rendered":"<p>Le service de la formation professionnelle du Minist\u00e8re de l\u2019Education nationale et la COPAS, vous invitent \u00e0 un Lunch Talk (s\u00e9ance d\u2019information), en visioconf\u00e9rence, sur les diff\u00e9rentes voies de formations CCP et DAP le mardi 4 juin 2024 de 12h \u00e0 12h45. Les sujets principaux porteront sur\u00a0: Le cadre g\u00e9n\u00e9ral des voies de formation\u00a0 du [&hellip;]<\/p>\n","protected":false},"featured_media":9672,"template":"","class_list":["post-12255","events","type-events","status-publish","has-post-thumbnail","hentry"],"acf":[],"_links":{"self":[{"href":"https:\/\/www.copas.lu\/de\/wp-json\/wp\/v2\/events\/12255","targetHints":{"allow":["GET"]}}],"collection":[{"href":"https:\/\/www.copas.lu\/de\/wp-json\/wp\/v2\/events"}],"about":[{"href":"https:\/\/www.copas.lu\/de\/wp-json\/wp\/v2\/types\/events"}],"wp:featuredmedia":[{"embeddable":true,"href":"https:\/\/www.copas.lu\/de\/wp-json\/wp\/v2\/media\/9672"}],"wp:attachment":[{"href":"https:\/\/www.copas.lu\/de\/wp-json\/wp\/v2\/media?parent=12255"}],"curies":[{"name":"wp","href":"https:\/\/api.w.org\/{rel}","templated":true}]}}